{"id":73,"date":"2014-03-17T13:53:26","date_gmt":"2014-03-17T13:53:26","guid":{"rendered":"https:\/\/sites.ifi.unicamp.br\/modelogrupo\/?page_id=27"},"modified":"2026-04-07T15:49:39","modified_gmt":"2026-04-07T18:49:39","slug":"programacao","status":"publish","type":"page","link":"https:\/\/sites.ifi.unicamp.br\/fisica-para-curiosos\/programacao\/","title":{"rendered":"Programa\u00e7\u00e3o"},"content":{"rendered":"<p><span style=\"font-size: 18pt\"><strong><span style=\"color: #999999\">Professor Pedro Holanda<\/span> <span style=\"color: #999999\">\u2013<\/span> <span style=\"color: #000000\">Oscila\u00e7\u00f5es de Neutrinos: Efeitos Qu\u00e2nticos em escala quilom\u00e9trica <\/span><\/strong><span style=\"color: #999999\"><strong>\u2013 24\/04\/2026<\/strong><\/span><\/span><\/p>\n<p><img loading=\"lazy\" decoding=\"async\" class=\" wp-image-1694 alignleft\" src=\"https:\/\/sites.ifi.unicamp.br\/fisica-para-curiosos\/files\/2026\/04\/Pedro_foto-424x600.jpeg\" alt=\"\" width=\"228\" height=\"322\" srcset=\"https:\/\/sites.ifi.unicamp.br\/fisica-para-curiosos\/files\/2026\/04\/Pedro_foto-424x600.jpeg 424w, https:\/\/sites.ifi.unicamp.br\/fisica-para-curiosos\/files\/2026\/04\/Pedro_foto.jpeg 451w\" sizes=\"auto, (max-width: 228px) 100vw, 228px\" \/><\/p>\n<p><strong style=\"font-size: 18.6667px\"><span style=\"color: #666699;font-size: 14pt\">O professor Pedro possui gradua\u00e7\u00e3o (1995), mestrado (1997) e doutorado (2001) em F\u00edsica pela Universidade Estadual de Campinas. Atualmente \u00e9 pesquisador e professor do Instituto de F\u00edsica Gleb Wataghin da Unicamp, onde obteve o t\u00edtulo de livre-docente em 2012. Faz parte do Grupo de Estudo de F\u00edsica e Astrof\u00edsica de Neutrinos (GEFAN) do Departamento de Raios C\u00f3smicos e Cronologia (DRCC) do IFGW. Tem experi\u00eancia na \u00e1rea de F\u00edsica de Part\u00edculas com \u00eanfase em Propriedades Espec\u00edficas dos Neutrinos, atuando principalmente nos temas oscila\u00e7\u00f5es de neutrinos e neutrinos em cosmologia.<\/span><\/strong><\/p>\n<p><strong style=\"font-size: 18.6667px\"><span style=\"color: #666699;font-size: 14pt\">Na sexta-feira, dia 24\/04\/26, o professor nos contar\u00e1 como essas pequenas part\u00edculas elementares e suas oscila\u00e7\u00f5es afetam a natureza em grande escala e possuem uma rela\u00e7\u00e3o com os sons e a m\u00fasica. Venham conferir.<\/span><\/strong><\/p>\n<p>&nbsp;<\/p>\n<p>&nbsp;<\/p>\n<p><span style=\"font-size: 18pt\"><strong><span style=\"color: #999999\">Professora Fanny B\u00e9ron<\/span> <span style=\"color: #999999\">\u2013<\/span> <span style=\"color: #000000\">Como nanoestruturas podem ajudar a minimizar os efeitos do aquecimento global <\/span><\/strong><span style=\"color: #999999\"><strong>\u2013 27\/03\/2026<\/strong><\/span><\/span><\/p>\n<p><strong style=\"font-size: 18.6667px\"><img loading=\"lazy\" decoding=\"async\" class=\"alignleft wp-image-1639\" src=\"https:\/\/sites.ifi.unicamp.br\/fisica-para-curiosos\/files\/2026\/03\/Foto_Fanny-450x600.jpg\" alt=\"\" width=\"258\" height=\"344\" srcset=\"https:\/\/sites.ifi.unicamp.br\/fisica-para-curiosos\/files\/2026\/03\/Foto_Fanny-450x600.jpg 450w, https:\/\/sites.ifi.unicamp.br\/fisica-para-curiosos\/files\/2026\/03\/Foto_Fanny-768x1024.jpg 768w, https:\/\/sites.ifi.unicamp.br\/fisica-para-curiosos\/files\/2026\/03\/Foto_Fanny-1152x1536.jpg 1152w, https:\/\/sites.ifi.unicamp.br\/fisica-para-curiosos\/files\/2026\/03\/Foto_Fanny-1536x2048.jpg 1536w, https:\/\/sites.ifi.unicamp.br\/fisica-para-curiosos\/files\/2026\/03\/Foto_Fanny-1140x1520.jpg 1140w, https:\/\/sites.ifi.unicamp.br\/fisica-para-curiosos\/files\/2026\/03\/Foto_Fanny-scaled.jpg 1920w\" sizes=\"auto, (max-width: 258px) 100vw, 258px\" \/> <span style=\"color: #666699;font-size: 14pt\">A professora Fanny possui gradua\u00e7\u00e3o (2003), mestrado (2005) e doutorado (2008) em Engenharia F\u00edsica pela \u00c9cole Polytechnique de Montr\u00e9al; e p\u00f3s-doutorado (2013) em F\u00edsica na Universidade Estadual de Campinas (UNICAMP). Atualmente \u00e9 professora associada no Instituto de F\u00edsica Gleb Wataghin da Universidade Estadual de Campinas (IFGW) e coordenadora do curso de gradua\u00e7\u00e3o em Engenharia F\u00edsica. Faz parte do Laborat\u00f3rio de Materiais e Baixas Temperaturas (LBMT) do Departamento de F\u00edsica da Mat\u00e9ria Condensada (DFMC). Tem experi\u00eancia na \u00e1rea de F\u00edsica, com \u00eanfase em Materiais Magn\u00e9ticos e Propriedades Magn\u00e9ticas, atuando principalmente nos seguintes temas: curvas de invers\u00e3o da primeira ordem (FORC); nanoestruturas magn\u00e9ticas; redes de nanofios e antipontos magn\u00e9ticos; nanopart\u00edculas e fitas nanogranulares; spintr\u00f4nica; intera\u00e7\u00f5es dipolares; propriedades magnetoest\u00e1ticas e din\u00e2micas e; magnetoimped\u00e2ncia gigante (GMI). \u00c9 e<\/span><\/strong><span style=\"color: #666699;font-size: 14pt\"><strong>ditora da revista IEEE Magnetics Letter e recebeu o Pr\u00eamio Carolina Nemes da Sociedade Brasileira de F\u00edsica (SBF) em 2018, para f\u00edsicas em in\u00edcio de carreira no Brasil, e o Pr\u00eamio de Reconhecimento Acad\u00eamico Zeferino Vaz da UNICAMP em 2020, por sua excel\u00eancia em atividades acad\u00eamicas, de pesquisa e extens\u00e3o.&nbsp;<\/strong><\/span><\/p>\n<p><span style=\"color: #666699;font-size: 14pt\"><strong>Na sexta feira 27\/03\/26, a professora Fanny nos contar\u00e1 como essas nanoestruras magn\u00e9ticas podem nos ajudar a combater as mudan\u00e7as clim\u00e1ticas e outros efeitos do aquecimento global. Venham conferir!<\/strong><\/span><\/p>","protected":false},"excerpt":{"rendered":"<p>Professor Pedro Holanda \u2013 Oscila\u00e7\u00f5es de Neutrinos: Efeitos Qu\u00e2nticos em escala quilom\u00e9trica \u2013 24\/04\/2026 O professor Pedro possui gradua\u00e7\u00e3o (1995), mestrado (1997) e doutorado (2001) em F\u00edsica pela Universidade Estadual de Campinas. Atualmente \u00e9 pesquisador e professor do Instituto de F\u00edsica Gleb Wataghin da Unicamp, onde obteve o t\u00edtulo de livre-docente em 2012. Faz parte &hellip; <\/p>\n<p><a class=\"more-link btn\" href=\"https:\/\/sites.ifi.unicamp.br\/fisica-para-curiosos\/programacao\/\">Continue lendo<\/a><\/p>\n","protected":false},"author":7,"featured_media":0,"parent":0,"menu_order":0,"comment_status":"closed","ping_status":"closed","template":"","meta":{"ngg_post_thumbnail":0,"footnotes":""},"class_list":["post-73","page","type-page","status-publish","hentry","nodate","item-wrap"],"_links":{"self":[{"href":"https:\/\/sites.ifi.unicamp.br\/fisica-para-curiosos\/wp-json\/wp\/v2\/pages\/73","targetHints":{"allow":["GET"]}}],"collection":[{"href":"https:\/\/sites.ifi.unicamp.br\/fisica-para-curiosos\/wp-json\/wp\/v2\/pages"}],"about":[{"href":"https:\/\/sites.ifi.unicamp.br\/fisica-para-curiosos\/wp-json\/wp\/v2\/types\/page"}],"author":[{"embeddable":true,"href":"https:\/\/sites.ifi.unicamp.br\/fisica-para-curiosos\/wp-json\/wp\/v2\/users\/7"}],"replies":[{"embeddable":true,"href":"https:\/\/sites.ifi.unicamp.br\/fisica-para-curiosos\/wp-json\/wp\/v2\/comments?post=73"}],"version-history":[{"count":159,"href":"https:\/\/sites.ifi.unicamp.br\/fisica-para-curiosos\/wp-json\/wp\/v2\/pages\/73\/revisions"}],"predecessor-version":[{"id":1696,"href":"https:\/\/sites.ifi.unicamp.br\/fisica-para-curiosos\/wp-json\/wp\/v2\/pages\/73\/revisions\/1696"}],"wp:attachment":[{"href":"https:\/\/sites.ifi.unicamp.br\/fisica-para-curiosos\/wp-json\/wp\/v2\/media?parent=73"}],"curies":[{"name":"wp","href":"https:\/\/api.w.org\/{rel}","templated":true}]}}